{"id":146,"date":"2025-09-18T13:54:42","date_gmt":"2025-09-18T13:54:42","guid":{"rendered":"http:\/\/blau-rot-schwarz-weiss.de\/wordpress\/?page_id=146"},"modified":"2025-09-18T13:54:42","modified_gmt":"2025-09-18T13:54:42","slug":"termine","status":"publish","type":"page","link":"http:\/\/blau-rot-schwarz-weiss.de\/wordpress\/termine\/","title":{"rendered":"Termine"},"content":{"rendered":"\n<figure class=\"wp-block-image size-large\"><img loading=\"lazy\" decoding=\"async\" width=\"567\" height=\"800\" src=\"http:\/\/blau-rot-schwarz-weiss.de\/wordpress\/wp-content\/uploads\/2025\/09\/michael_schmidt_plakat_zitart_20250918-567x800.jpg\" alt=\"\" class=\"wp-image-1779\" srcset=\"http:\/\/blau-rot-schwarz-weiss.de\/wordpress\/wp-content\/uploads\/2025\/09\/michael_schmidt_plakat_zitart_20250918-567x800.jpg 567w, http:\/\/blau-rot-schwarz-weiss.de\/wordpress\/wp-content\/uploads\/2025\/09\/michael_schmidt_plakat_zitart_20250918-213x300.jpg 213w, http:\/\/blau-rot-schwarz-weiss.de\/wordpress\/wp-content\/uploads\/2025\/09\/michael_schmidt_plakat_zitart_20250918.jpg 765w\" sizes=\"auto, (max-width: 567px) 100vw, 567px\" \/><figcaption class=\"wp-element-caption\">Plakat zur Ausstellung ZITA(R)T in der St\u00e4dtischen Galerie Filderstadt<\/figcaption><\/figure>\n\n\n\n<figure class=\"wp-block-image size-large\"><img loading=\"lazy\" decoding=\"async\" width=\"800\" height=\"409\" src=\"http:\/\/blau-rot-schwarz-weiss.de\/wordpress\/wp-content\/uploads\/2025\/07\/20240918_kuefi_einladung_s1_jetzt_1056_web-800x409.jpg\" alt=\"Nahaufnahme eines Auges; in der Pupille ein Zeitungsstapel; um die Pupille herum das Ziffernblatt einer Uhr; Schriftzug JETZT, K\u00fcnstler der Filer e.V. Jahresausstellung 2024; drei Punkte, gefolgt von einem roten Ausrufzeichen\" class=\"wp-image-1767\" srcset=\"http:\/\/blau-rot-schwarz-weiss.de\/wordpress\/wp-content\/uploads\/2025\/07\/20240918_kuefi_einladung_s1_jetzt_1056_web-800x409.jpg 800w, http:\/\/blau-rot-schwarz-weiss.de\/wordpress\/wp-content\/uploads\/2025\/07\/20240918_kuefi_einladung_s1_jetzt_1056_web-300x153.jpg 300w, http:\/\/blau-rot-schwarz-weiss.de\/wordpress\/wp-content\/uploads\/2025\/07\/20240918_kuefi_einladung_s1_jetzt_1056_web.jpg 1056w\" sizes=\"auto, (max-width: 800px) 100vw, 800px\" \/><figcaption class=\"wp-element-caption\">Einladung zur Ausstellung &#8222;JETZT&#8230;!&#8220;<\/figcaption><\/figure>\n\n\n\n<figure class=\"wp-block-image size-large\"><img loading=\"lazy\" decoding=\"async\" width=\"800\" height=\"400\" src=\"http:\/\/blau-rot-schwarz-weiss.de\/wordpress\/wp-content\/uploads\/2025\/07\/20241017_KueFi_Doppelkarte_JETZT_S3_Innenseite_re-800x400.jpg\" alt=\"\" class=\"wp-image-1766\" srcset=\"http:\/\/blau-rot-schwarz-weiss.de\/wordpress\/wp-content\/uploads\/2025\/07\/20241017_KueFi_Doppelkarte_JETZT_S3_Innenseite_re-800x400.jpg 800w, http:\/\/blau-rot-schwarz-weiss.de\/wordpress\/wp-content\/uploads\/2025\/07\/20241017_KueFi_Doppelkarte_JETZT_S3_Innenseite_re-300x150.jpg 300w, http:\/\/blau-rot-schwarz-weiss.de\/wordpress\/wp-content\/uploads\/2025\/07\/20241017_KueFi_Doppelkarte_JETZT_S3_Innenseite_re.jpg 1056w\" sizes=\"auto, (max-width: 800px) 100vw, 800px\" \/><\/figure>\n\n\n\n<figure class=\"wp-block-image size-large\"><a href=\"http:\/\/blau-rot-schwarz-weiss.de\/wordpress\/wp-content\/uploads\/2023\/10\/Einladung_insta.jpg\" target=\"_blank\" rel=\"noreferrer noopener\"><img loading=\"lazy\" decoding=\"async\" width=\"800\" height=\"800\" src=\"http:\/\/blau-rot-schwarz-weiss.de\/wordpress\/wp-content\/uploads\/2023\/10\/Einladung_insta-800x800.jpg\" alt=\"Einladungskarte zur Jahresausstellung 2023\" class=\"wp-image-1648\" srcset=\"http:\/\/blau-rot-schwarz-weiss.de\/wordpress\/wp-content\/uploads\/2023\/10\/Einladung_insta-800x800.jpg 800w, http:\/\/blau-rot-schwarz-weiss.de\/wordpress\/wp-content\/uploads\/2023\/10\/Einladung_insta-300x300.jpg 300w, http:\/\/blau-rot-schwarz-weiss.de\/wordpress\/wp-content\/uploads\/2023\/10\/Einladung_insta-150x150.jpg 150w, http:\/\/blau-rot-schwarz-weiss.de\/wordpress\/wp-content\/uploads\/2023\/10\/Einladung_insta.jpg 1056w\" sizes=\"auto, (max-width: 800px) 100vw, 800px\" \/><\/a><figcaption class=\"wp-element-caption\">Einladungskarte zur Jahresausstellung 2023<\/figcaption><\/figure>\n\n\n\n<figure class=\"wp-block-image\"><a href=\"http:\/\/blau-rot-schwarz-weiss.de\/wordpress\/wp-content\/uploads\/2023\/06\/einladung_freiraum_VS.jpg\" target=\"_blank\" rel=\"noreferrer noopener\"><img loading=\"lazy\" decoding=\"async\" width=\"2480\" height=\"1240\" src=\"http:\/\/blau-rot-schwarz-weiss.de\/wordpress\/wp-content\/uploads\/2023\/06\/einladung_freiraum_VS.jpg\" alt=\"\" class=\"wp-image-1429\" srcset=\"http:\/\/blau-rot-schwarz-weiss.de\/wordpress\/wp-content\/uploads\/2023\/06\/einladung_freiraum_VS.jpg 2480w, http:\/\/blau-rot-schwarz-weiss.de\/wordpress\/wp-content\/uploads\/2023\/06\/einladung_freiraum_VS-300x150.jpg 300w, http:\/\/blau-rot-schwarz-weiss.de\/wordpress\/wp-content\/uploads\/2023\/06\/einladung_freiraum_VS-800x400.jpg 800w, http:\/\/blau-rot-schwarz-weiss.de\/wordpress\/wp-content\/uploads\/2023\/06\/einladung_freiraum_VS-1536x768.jpg 1536w, http:\/\/blau-rot-schwarz-weiss.de\/wordpress\/wp-content\/uploads\/2023\/06\/einladung_freiraum_VS-2048x1024.jpg 2048w\" sizes=\"auto, (max-width: 2480px) 100vw, 2480px\" \/><\/a><\/figure>\n\n\n\n<p><strong>Jahresausstellung 2022 der K\u00fcnstler der Filder: &#8222;frei.raum&#8220;<\/strong><br><strong>vom 6. November &#8211; 4. Dezember 2022<\/strong><br>St\u00e4dtische Galerie Filderstadt<br>Bonl\u00e4nder Hauptstra\u00dfe 32\/1<br>70794 Filderstadt<\/p>\n\n\n\n<figure class=\"wp-block-image size-large\"><a href=\"http:\/\/blau-rot-schwarz-weiss.de\/wordpress\/wp-content\/uploads\/2021\/11\/Beitragsbild_FRAGILE_Internet_Kuefi_1056_ohne.jpg\" target=\"_blank\" rel=\"noreferrer noopener\"><img loading=\"lazy\" decoding=\"async\" width=\"800\" height=\"301\" src=\"http:\/\/blau-rot-schwarz-weiss.de\/wordpress\/wp-content\/uploads\/2021\/11\/Beitragsbild_FRAGILE_Internet_Kuefi_1056_ohne-800x301.jpg\" alt=\"\" class=\"wp-image-1333\" srcset=\"http:\/\/blau-rot-schwarz-weiss.de\/wordpress\/wp-content\/uploads\/2021\/11\/Beitragsbild_FRAGILE_Internet_Kuefi_1056_ohne-800x301.jpg 800w, http:\/\/blau-rot-schwarz-weiss.de\/wordpress\/wp-content\/uploads\/2021\/11\/Beitragsbild_FRAGILE_Internet_Kuefi_1056_ohne-300x113.jpg 300w, http:\/\/blau-rot-schwarz-weiss.de\/wordpress\/wp-content\/uploads\/2021\/11\/Beitragsbild_FRAGILE_Internet_Kuefi_1056_ohne.jpg 1056w\" sizes=\"auto, (max-width: 800px) 100vw, 800px\" \/><\/a><\/figure>\n\n\n\n<p><strong>Jahresausstellung 2020 der K\u00fcnstler der Filder: &#8222;FRAGILE&#8220;<\/strong><br><strong>vom 7. November &#8211; 5. Dezember 2021<\/strong><br>St\u00e4dtische Galerie Filderstadt<br>Bonl\u00e4nder Hauptstra\u00dfe 32\/1<br>70794 Filderstadt<\/p>\n\n\n\n<figure class=\"wp-block-image\"><a href=\"http:\/\/blau-rot-schwarz-weiss.de\/wordpress\/wp-content\/uploads\/2021\/11\/Einlad_Jahresausstell_2019-1.jpg\"><img loading=\"lazy\" decoding=\"async\" width=\"2480\" height=\"1240\" src=\"http:\/\/blau-rot-schwarz-weiss.de\/wordpress\/wp-content\/uploads\/2021\/11\/Einlad_Jahresausstell_2019-1.jpg\" alt=\"\" class=\"wp-image-1332\" srcset=\"http:\/\/blau-rot-schwarz-weiss.de\/wordpress\/wp-content\/uploads\/2021\/11\/Einlad_Jahresausstell_2019-1.jpg 2480w, http:\/\/blau-rot-schwarz-weiss.de\/wordpress\/wp-content\/uploads\/2021\/11\/Einlad_Jahresausstell_2019-1-300x150.jpg 300w, http:\/\/blau-rot-schwarz-weiss.de\/wordpress\/wp-content\/uploads\/2021\/11\/Einlad_Jahresausstell_2019-1-800x400.jpg 800w, http:\/\/blau-rot-schwarz-weiss.de\/wordpress\/wp-content\/uploads\/2021\/11\/Einlad_Jahresausstell_2019-1-1536x768.jpg 1536w, http:\/\/blau-rot-schwarz-weiss.de\/wordpress\/wp-content\/uploads\/2021\/11\/Einlad_Jahresausstell_2019-1-2048x1024.jpg 2048w\" sizes=\"auto, (max-width: 2480px) 100vw, 2480px\" \/><\/a><\/figure>\n\n\n\n<p><strong>Jahresausstellung 2019 der K\u00fcnstler der Filder: &#8222;Am Limit\/unlimited&#8220;<br>vom <\/strong><strong>2. Juni \u2013 16. Juni 2019<br>und 27. Juni &#8211; 7. juli 2019<br><\/strong>St\u00e4dtische Galerie Filderstadt<br>Bonl\u00e4nder Hauptstra\u00dfe 32\/1<br>70794 Filderstadt<\/p>\n\n\n\n<figure class=\"wp-block-image\"><a href=\"http:\/\/blau-rot-schwarz-weiss.de\/wordpress\/wp-content\/uploads\/2018\/06\/2018_jahresausstellung_kuefi_hp.jpg\"><img loading=\"lazy\" decoding=\"async\" width=\"1056\" height=\"530\" src=\"http:\/\/blau-rot-schwarz-weiss.de\/wordpress\/wp-content\/uploads\/2018\/06\/2018_jahresausstellung_kuefi_hp.jpg\" alt=\"\" class=\"wp-image-943\" srcset=\"http:\/\/blau-rot-schwarz-weiss.de\/wordpress\/wp-content\/uploads\/2018\/06\/2018_jahresausstellung_kuefi_hp.jpg 1056w, http:\/\/blau-rot-schwarz-weiss.de\/wordpress\/wp-content\/uploads\/2018\/06\/2018_jahresausstellung_kuefi_hp-300x151.jpg 300w, http:\/\/blau-rot-schwarz-weiss.de\/wordpress\/wp-content\/uploads\/2018\/06\/2018_jahresausstellung_kuefi_hp-800x402.jpg 800w\" sizes=\"auto, (max-width: 1056px) 100vw, 1056px\" \/><\/a><\/figure>\n\n\n\n<p><strong>Jahresausstellung 2018 der K\u00fcnstler der Filder: &#8222;anr\u00fcchig&#8220;<br>vom <\/strong><strong>17. Juni \u2013 15. Juli 2018<br><\/strong>St\u00e4dtische Galerie Filderstadt<br>Bonl\u00e4nder Hauptstra\u00dfe 32\/1<br>70794 Filderstadt<br>\u00d6ffnungszeiten:<br>Donnerstag, von 10-12:30 Uhr<br>Samstag, von 15-18 Uhr<br>Sonntag von 11-17 Uhr<\/p>\n\n\n\n<figure class=\"wp-block-image alignnone size-full wp-image-664\"><img loading=\"lazy\" decoding=\"async\" width=\"1024\" height=\"1191\" src=\"http:\/\/blau-rot-schwarz-weiss.de\/wordpress\/wp-content\/uploads\/2016\/04\/kuefi_jahresausstellung_2017_einladung_mod.jpg\" alt=\"Einladung zur Jahresausstellung der K\u00fcnstler der Filder 2017\" class=\"wp-image-664\" srcset=\"http:\/\/blau-rot-schwarz-weiss.de\/wordpress\/wp-content\/uploads\/2016\/04\/kuefi_jahresausstellung_2017_einladung_mod.jpg 1024w, http:\/\/blau-rot-schwarz-weiss.de\/wordpress\/wp-content\/uploads\/2016\/04\/kuefi_jahresausstellung_2017_einladung_mod-258x300.jpg 258w, http:\/\/blau-rot-schwarz-weiss.de\/wordpress\/wp-content\/uploads\/2016\/04\/kuefi_jahresausstellung_2017_einladung_mod-688x800.jpg 688w\" sizes=\"auto, (max-width: 1024px) 100vw, 1024px\" \/><figcaption class=\"wp-element-caption\">Einladung zur Jahresausstellung der K\u00fcnstler der Filder 2017<\/figcaption><\/figure>\n\n\n\n<h4 class=\"wp-block-heading\"><img loading=\"lazy\" decoding=\"async\" class=\"aligncenter size-full wp-image-475\" src=\"http:\/\/blau-rot-schwarz-weiss.de\/wordpress\/wp-content\/uploads\/2016\/04\/heike_schmidt_arte_sono.jpg\" alt=\"heike_schmidt_arte_sono\" width=\"600\" height=\"592\" srcset=\"http:\/\/blau-rot-schwarz-weiss.de\/wordpress\/wp-content\/uploads\/2016\/04\/heike_schmidt_arte_sono.jpg 600w, http:\/\/blau-rot-schwarz-weiss.de\/wordpress\/wp-content\/uploads\/2016\/04\/heike_schmidt_arte_sono-300x296.jpg 300w\" sizes=\"auto, (max-width: 600px) 100vw, 600px\" \/><img loading=\"lazy\" decoding=\"async\" class=\"alignnone size-full wp-image-379\" src=\"http:\/\/blau-rot-schwarz-weiss.de\/wordpress\/wp-content\/uploads\/2016\/04\/Einladungskarte_2016_Titel.jpg\" alt=\"Einladungskarte_2016_Titel\" width=\"800\" height=\"400\" srcset=\"http:\/\/blau-rot-schwarz-weiss.de\/wordpress\/wp-content\/uploads\/2016\/04\/Einladungskarte_2016_Titel.jpg 800w, http:\/\/blau-rot-schwarz-weiss.de\/wordpress\/wp-content\/uploads\/2016\/04\/Einladungskarte_2016_Titel-300x150.jpg 300w\" sizes=\"auto, (max-width: 800px) 100vw, 800px\" \/> <img loading=\"lazy\" decoding=\"async\" class=\"alignnone size-full wp-image-378\" src=\"http:\/\/blau-rot-schwarz-weiss.de\/wordpress\/wp-content\/uploads\/2016\/04\/Einladungskarte_2016_Namen.jpg\" alt=\"Einladungskarte_2016_Namen\" width=\"800\" height=\"400\" srcset=\"http:\/\/blau-rot-schwarz-weiss.de\/wordpress\/wp-content\/uploads\/2016\/04\/Einladungskarte_2016_Namen.jpg 800w, http:\/\/blau-rot-schwarz-weiss.de\/wordpress\/wp-content\/uploads\/2016\/04\/Einladungskarte_2016_Namen-300x150.jpg 300w\" sizes=\"auto, (max-width: 800px) 100vw, 800px\" \/> <img loading=\"lazy\" decoding=\"async\" class=\"alignnone size-full wp-image-377\" src=\"http:\/\/blau-rot-schwarz-weiss.de\/wordpress\/wp-content\/uploads\/2016\/04\/Einladungskarte_2016_1D8C1.jpg\" alt=\"Einladungskarte_2016_#1D8C1\" width=\"800\" height=\"400\" srcset=\"http:\/\/blau-rot-schwarz-weiss.de\/wordpress\/wp-content\/uploads\/2016\/04\/Einladungskarte_2016_1D8C1.jpg 800w, http:\/\/blau-rot-schwarz-weiss.de\/wordpress\/wp-content\/uploads\/2016\/04\/Einladungskarte_2016_1D8C1-300x150.jpg 300w\" sizes=\"auto, (max-width: 800px) 100vw, 800px\" \/><img loading=\"lazy\" decoding=\"async\" class=\"alignnone size-full wp-image-147\" src=\"http:\/\/blau-rot-schwarz-weiss.de\/wordpress\/wp-content\/uploads\/2016\/04\/kvlb2016.jpg\" alt=\"kvlb2016\" width=\"2366\" height=\"2424\" srcset=\"http:\/\/blau-rot-schwarz-weiss.de\/wordpress\/wp-content\/uploads\/2016\/04\/kvlb2016.jpg 2366w, http:\/\/blau-rot-schwarz-weiss.de\/wordpress\/wp-content\/uploads\/2016\/04\/kvlb2016-293x300.jpg 293w, http:\/\/blau-rot-schwarz-weiss.de\/wordpress\/wp-content\/uploads\/2016\/04\/kvlb2016-781x800.jpg 781w\" sizes=\"auto, (max-width: 2366px) 100vw, 2366px\" \/>Jahresausstellung der K\u00fcnstlermitglieder im Kunstverein Ludwigsburg<\/h4>\n\n\n\n<p>Vom 15. Mai bis zum 26. Juni 2016 findet in den R\u00e4umen des Kunstvereins Ludwigsburg die Jahressausstellung seiner K\u00fcnstlermitglieder statt.<\/p>\n\n\n\n<p>Ausstellungser\u00f6ffnung: Sonntag, 15. Mai 2016, 11:00 Uhr<\/p>\n\n\n\n<p>Finissage mit K\u00fcnstlerfr\u00fchst\u00fcck: Sonntag, 26. Juni 2016, 11:00 Uhr<\/p>\n\n\n\n<p>Ort: MIK, Eberhardstra\u00dfe 1, 71634 Ludwigsburg<\/p>\n","protected":false},"excerpt":{"rendered":"<p>Jahresausstellung 2022 der K\u00fcnstler der Filder: &#8222;frei.raum&#8220;vom 6. November &#8211; 4. Dezember 2022St\u00e4dtische Galerie FilderstadtBonl\u00e4nder Hauptstra\u00dfe 32\/170794 Filderstadt Jahresausstellung 2020 der K\u00fcnstler der Filder: &#8222;FRAGILE&#8220;vom 7. November &#8211; 5. Dezember 2021St\u00e4dtische Galerie FilderstadtBonl\u00e4nder Hauptstra\u00dfe 32\/170794 Filderstadt Jahresausstellung 2019 der K\u00fcnstler der Filder: &#8222;Am Limit\/unlimited&#8220;vom 2. Juni \u2013 16. Juni 2019und 27. Juni &#8211; 7. juli &hellip; <a href=\"http:\/\/blau-rot-schwarz-weiss.de\/wordpress\/termine\/\" class=\"more-link\"><span class=\"screen-reader-text\">Termine<\/span> weiterlesen <span class=\"meta-nav\">&rarr;<\/span><\/a><\/p>\n","protected":false},"author":1,"featured_media":0,"parent":0,"menu_order":2,"comment_status":"closed","ping_status":"closed","template":"","meta":{"ngg_post_thumbnail":0,"footnotes":""},"class_list":["post-146","page","type-page","status-publish","hentry"],"_links":{"self":[{"href":"http:\/\/blau-rot-schwarz-weiss.de\/wordpress\/wp-json\/wp\/v2\/pages\/146","targetHints":{"allow":["GET"]}}],"collection":[{"href":"http:\/\/blau-rot-schwarz-weiss.de\/wordpress\/wp-json\/wp\/v2\/pages"}],"about":[{"href":"http:\/\/blau-rot-schwarz-weiss.de\/wordpress\/wp-json\/wp\/v2\/types\/page"}],"author":[{"embeddable":true,"href":"http:\/\/blau-rot-schwarz-weiss.de\/wordpress\/wp-json\/wp\/v2\/users\/1"}],"replies":[{"embeddable":true,"href":"http:\/\/blau-rot-schwarz-weiss.de\/wordpress\/wp-json\/wp\/v2\/comments?post=146"}],"version-history":[{"count":14,"href":"http:\/\/blau-rot-schwarz-weiss.de\/wordpress\/wp-json\/wp\/v2\/pages\/146\/revisions"}],"predecessor-version":[{"id":1781,"href":"http:\/\/blau-rot-schwarz-weiss.de\/wordpress\/wp-json\/wp\/v2\/pages\/146\/revisions\/1781"}],"wp:attachment":[{"href":"http:\/\/blau-rot-schwarz-weiss.de\/wordpress\/wp-json\/wp\/v2\/media?parent=146"}],"curies":[{"name":"wp","href":"https:\/\/api.w.org\/{rel}","templated":true}]}}